{"id":29,"date":"2013-07-26T00:10:28","date_gmt":"2013-07-25T22:10:28","guid":{"rendered":"http:\/\/perseus.bupnet.de\/?page_id=29"},"modified":"2013-12-09T12:00:34","modified_gmt":"2013-12-09T10:00:34","slug":"das-projekt","status":"publish","type":"page","link":"https:\/\/perseus.bupnet.de\/?page_id=29","title":{"rendered":"Das Projekt"},"content":{"rendered":"<p><em>Fachkr\u00e4fte aus Europa. F\u00fcr viele Betriebe ist dies eine M\u00f6glichkeit, bereits aktuelle Engp\u00e4sse zu beheben und Fachkr\u00e4fte f\u00fcr ihre zuk\u00fcnftige Entwicklung zu sichern.<\/em><\/p>\n<p>Das Projekt \u201ePerseus\u201c (<strong>Pers<\/strong>onalmanagement im Kontext <strong>eu<\/strong>rop\u00e4ischer Arbeitsmigration Schwerpunkt: <strong>s<\/strong>panische Fachkr\u00e4fte) unterst\u00fctzt kleine und mittelst\u00e4ndische nordhessische Unternehmen bei\u00a0der Auswahl, Anwerbung und Integration ausl\u00e4ndischer, vornehmlich <b>spanischer,<\/b> Fachkr\u00e4fte. Die Betriebe und deren Mitarbeiter\/innen werden auf die Integration und die Zusammenarbeit mit europ\u00e4ischen Kolleg\/innen vorbereitet.<\/p>\n<p>Ab dem Fr\u00fchjahr 2014 bietet \u201ePerseus&#8220; Seminare, Projekte und Netzwerkaktivit\u00e4ten zu den Schwerpunktthemen:<\/p>\n<p><strong>Arbeitskr\u00e4ftegewinnung in Spanien, &#8222;employer branding&#8220;:<\/strong><br \/>\n\u2022 Anwerbestrategien, Strategien des&#8220;employer branding&#8220;<br \/>\n<strong>Integratives Personalmanagement, interkulturelle Personalentwicklung:<\/strong><br \/>\n\u2022 Personalmanagement und -entwicklung im Kontext europ\u00e4ischer Arbeitsmigration<\/p>\n<p>(Erste Informationsverantaltungen sind f\u00fcr November\/Dezember 2013 vorgesehen)<\/p>\n<p>Zus\u00e4tzlich bietet \u201ePerseus\u201c den teilnehmenden Betrieben <strong>Beratung <\/strong>(auch beim Zugang zu externen F\u00f6rderinstrumenten), unterst\u00fctzt gemeinsame Aktivit\u00e4ten\/Projekte bei der Anwerbung und Intergration spanischer Fachkr\u00e4fte und\u00a0 vernetzt die unterschiedlichen Akteure.<\/p>\n<p>Vornehmlich richtet sich das Projekt an Branchen mit MINT-Berufen, auch Umwelttechnik und produzierendes Gewerbe, Verkehr\/Mobilit\u00e4t und im<br \/>\nHandwerk sowie ggf. auch geeignete Berufsgruppen in Touristik, Hotel und Gastst\u00e4ttengewerbe.<\/p>\n<p>Wir werden diese Webseite laufend aktualisieren und Sie \u00fcber lokale und \u00fcberregionale Initiativen aber auch konkrete Vorhaben wie z.B. Informationsveranstaltungen, Fortbildungen sowie \u00fcber Ansprechpartner sowohl in Hessen als auch in spanischen Regionen informieren.<\/p>\n<p><strong>Interessierte Betriebe, potentielle Kooperationspartner sowie interessierte Einzelpersonen sind dazu eingeladen, <a href=\"http:\/\/perseus.bupnet.de\/?page_id=46\"><span style=\"text-decoration: underline;\">Kontakt<\/span><\/a> zu uns aufzunehmen.<\/strong><\/p>\n<p>Dieses aus Mitteln des Europ\u00e4ischen Sozialfonds und des Landes Hessen finanzierte Entwicklungs-, Beratungs- und Fortbildungsprojekt wird in Kooperation mit dem Landkreis Kassel von der <a href=\"http:\/\/www.bupnet.de\">BUPNET GmbH<\/a> durchgef\u00fchrt.<\/p>\n","protected":false},"excerpt":{"rendered":"<p>Fachkr\u00e4fte aus Europa. F\u00fcr viele Betriebe ist dies eine M\u00f6glichkeit, bereits aktuelle Engp\u00e4sse zu beheben und Fachkr\u00e4fte f\u00fcr ihre zuk\u00fcnftige Entwicklung zu sichern. Das Projekt \u201ePerseus\u201c (Personalmanagement im Kontext europ\u00e4ischer Arbeitsmigration Schwerpunkt: spanische Fachkr\u00e4fte) unterst\u00fctzt kleine und mittelst\u00e4ndische nordhessische Unternehmen &hellip; <a href=\"https:\/\/perseus.bupnet.de\/?page_id=29\">Weiterlesen <span class=\"meta-nav\">&rarr;<\/span><\/a><\/p>\n","protected":false},"author":1,"featured_media":0,"parent":0,"menu_order":1,"comment_status":"closed","ping_status":"closed","template":"","meta":{"footnotes":""},"class_list":["post-29","page","type-page","status-publish","hentry"],"_links":{"self":[{"href":"https:\/\/perseus.bupnet.de\/index.php?rest_route=\/wp\/v2\/pages\/29","targetHints":{"allow":["GET"]}}],"collection":[{"href":"https:\/\/perseus.bupnet.de\/index.php?rest_route=\/wp\/v2\/pages"}],"about":[{"href":"https:\/\/perseus.bupnet.de\/index.php?rest_route=\/wp\/v2\/types\/page"}],"author":[{"embeddable":true,"href":"https:\/\/perseus.bupnet.de\/index.php?rest_route=\/wp\/v2\/users\/1"}],"replies":[{"embeddable":true,"href":"https:\/\/perseus.bupnet.de\/index.php?rest_route=%2Fwp%2Fv2%2Fcomments&post=29"}],"version-history":[{"count":23,"href":"https:\/\/perseus.bupnet.de\/index.php?rest_route=\/wp\/v2\/pages\/29\/revisions"}],"predecessor-version":[{"id":224,"href":"https:\/\/perseus.bupnet.de\/index.php?rest_route=\/wp\/v2\/pages\/29\/revisions\/224"}],"wp:attachment":[{"href":"https:\/\/perseus.bupnet.de\/index.php?rest_route=%2Fwp%2Fv2%2Fmedia&parent=29"}],"curies":[{"name":"wp","href":"https:\/\/api.w.org\/{rel}","templated":true}]}}