{"id":159,"date":"2013-08-26T10:09:26","date_gmt":"2013-08-26T08:09:26","guid":{"rendered":"http:\/\/perseus.bupnet.de\/?page_id=159"},"modified":"2014-04-08T13:13:55","modified_gmt":"2014-04-08T11:13:55","slug":"enlaces","status":"publish","type":"page","link":"https:\/\/perseus.bupnet.de\/?page_id=159","title":{"rendered":"Enlaces"},"content":{"rendered":"<p><!--[if gte mso 9]><xml>\n<w:WordDocument>\n<w:View>Normal<\/w:View>\n<w:Zoom>0<\/w:Zoom>\n<w:HyphenationZone>21<\/w:HyphenationZone>\n<w:PunctuationKerning\/>\n<w:ValidateAgainstSchemas\/>\n<w:SaveIfXMLInvalid>false<\/w:SaveIfXMLInvalid>\n<w:IgnoreMixedContent>false<\/w:IgnoreMixedContent>\n<w:AlwaysShowPlaceholderText>false<\/w:AlwaysShowPlaceholderText>\n<w:Compatibility>\n<w:BreakWrappedTables\/>\n<w:SnapToGridInCell\/>\n<w:WrapTextWithPunct\/>\n<w:UseAsianBreakRules\/>\n<w:DontGrowAutofit\/>\n<\/w:Compatibility>\n<w:BrowserLevel>MicrosoftInternetExplorer4<\/w:BrowserLevel>\n<\/w:WordDocument>\n<\/xml><![endif]--><\/p>\n<p class=\"MsoNormal\">Contactos e Informacion para empleados y aquellos que buscan Empleo, para vivir y trabajar en Hesse, (SP, EN, GE):<\/p>\n<p class=\"MsoNormal\"><a href=\"http:\/\/www.work-in-hessen.de\/\"><span class=\"Internetlink\"><span style=\"color: #1155cc;\">http:\/\/www.trabajar-en-hessen.es\/<\/span><\/span><\/a><\/p>\n<p class=\"MsoNormal\">Portal de Informaci\u00f3n del Gobierno Federal, (Ministerio del Trabajo y Sociales, Ministerio de Econom\u00eda, Oficina de Empleo), para la formaci\u00f3n profesional, vivir y trabajar en Alemania. (GE, EN):<\/p>\n<p class=\"MsoNormal\"><a href=\"http:\/\/www.make-it-in-germany.com\/\"><span class=\"Internetlink\"><span style=\"color: #1155cc;\">http:\/\/www.make-it-in-germany.com\/<\/span><\/span><\/a><\/p>\n<p class=\"MsoNormal\">P\u00e1gina Inicial de la Oficina de Empleo con respecto al tema de la formaci\u00f3n profesional dual en Alemania. (GE, EN):<\/p>\n<p class=\"MsoNormal\"><a href=\"http:\/\/www.thejobofmylife.de\/de\/\"><span class=\"Internetlink\"><span style=\"color: #1155cc;\">http:\/\/www.thejobofmylife.de\/de\/<\/span><\/span><\/a><\/p>\n<p class=\"MsoNormal\">MOBIPRO-EU. P\u00e1gina para la promoci\u00f3n del movimiento de j\u00f3venes interesados en llevar a cabo su formaci\u00f3n profesional dual en Alemania y j\u00f3venes especialistas interesados en buscar trabajo en el mercado alem\u00e1n.<span style=\"mso-spacerun: yes;\">\u00a0 <\/span>El programa Mobipro proporciona apoyo financiero para la realizaci\u00f3n de cursos de idiomas, ayuda en los costos de viaje para la entrevista, manutenci\u00f3n durante la formaci\u00f3n profesional, etc. (TODOS LOS IDIOMAS)<\/p>\n<p class=\"MsoNormal\"><a href=\"http:\/\/www.thejobofmylife.de\/en\/support-programme\/support-directive.html\"><span class=\"Internetlink\"><span style=\"color: #1155cc;\">MOBIPRO-EU<\/span><\/span><\/a><\/p>\n<p class=\"MsoNormal\">P\u00e1gina de la Administraci\u00f3n Regional de Nordhessen especialmente con ofertas de trabajo actualizadas, pero tambi\u00e9n con informaci\u00f3n para invertir, sobre la naturaleza, tiempo libre, cultura, y la vida en el centro de Alemania.<\/p>\n<p class=\"MsoNormal\">\n<a class=\"moz-txt-link-freetext\" href=\"http:\/\/www.die-lage-ist-gut.de\/es\/\">http:\/\/www.die-lage-ist-gut.de\/es\/<\/a> (Link en espa\u00f1ol)<\/p>\n<p class=\"MsoNormal\">P\u00e1gina Principal de la ciudad de Kassel. Informaci\u00f3nes sobre Cultura y Turismo, Econom\u00eda y Medio Ambiente, Educaci\u00f3n y Asuntos Sociales. (TODOS LOS IDIOMAS).<\/p>\n<p class=\"MsoNormal\"><a href=\"http:\/\/www.kassel.de\/spanisch\/\"><span class=\"Internetlink\"><span style=\"color: #1155cc;\">http:\/\/www.kassel.de\/<\/span><\/span><\/a><\/p>\n<p class=\"MsoNormal\">Instituto de Fomento Econ\u00f3mico de la regi\u00f3n de Kassel. (GE, EN).<\/p>\n<p class=\"MsoNormal\"><a href=\"http:\/\/www.wfg-kassel.de\/\"><span class=\"Internetlink\"><span style=\"color: #1155cc;\">http:\/\/www.wfg-kassel.de\/<\/span><\/span><\/a><\/p>\n<p class=\"MsoNormal\">P\u00e1gina Principal de la comarca de Kassel. Informaciones sobre Pol\u00edtica, Juventud y Educaci\u00f3n, as\u00ed como Econom\u00eda. (GE)<\/p>\n<p class=\"MsoNormal\"><a href=\"http:\/\/www.landkreis-kassel.de\/\"><span class=\"Internetlink\"><span style=\"color: #1155cc;\">http:\/\/www.landkreis-kassel.de\/<\/span><\/span><\/a><\/p>\n<p class=\"MsoNormal\">Informaci\u00f3n tur\u00edstica sobre la Regi\u00f3n del Norte de Hessen. (GE)<\/p>\n<p class=\"MsoNormal\"><span style=\"mso-spacerun: yes;\">\u00a0<\/span><a href=\"http:\/\/www.nordhessen-erleben.de\/\"><span class=\"Internetlink\"><span style=\"color: #1155cc;\">http:\/\/www.nordhessen-erleben.de\/<\/span><\/span><\/a><\/p>\n<p class=\"MsoNormal\">Informaci\u00f3n econ\u00f3mica sobre la Regi\u00f3n del Norte de Hessen. (GE)<\/p>\n<p class=\"MsoNormal\"><a href=\"http:\/\/www.regionnordhessen.de\/\"><span class=\"Internetlink\"><span style=\"color: #1155cc;\">http:\/\/www.regionnordhessen.de\/<\/span><\/span><\/a><\/p>\n<p class=\"MsoNormal\">Informaci\u00f3n sanitaria sobre la Regi\u00f3n del Norte de Hessen (GE)<\/p>\n<p class=\"MsoNormal\"><a href=\"http:\/\/www.nordhessen-gesundheit.de\/\"><span class=\"Internetlink\"><span style=\"color: #1155cc;\">http:\/\/www.nordhessen-gesundheit.de\/<\/span><\/span><\/a><\/p>\n<p class=\"MsoNormal\">P\u00e1gina de la uni\u00f3n de sindicatos de la regi\u00f3n con informaci\u00f3n sobre sus actividades (GE).<\/p>\n<p class=\"MsoNormal\"><a href=\"http:\/\/nordhessen.dgb.de\/\"><span class=\"Internetlink\"><span style=\"color: #1155cc;\">http:\/\/nordhessen.dgb.de\/ <\/span><\/span><\/a><\/p>\n<p class=\"MsoNormal\">Entrada en Wikipedia (SP)<\/p>\n<p class=\"MsoNormal\"><a href=\"http:\/\/es.wikipedia.org\/wiki\/Regi\u00f3n_de_Kassel\"><span class=\"Internetlink\"><span style=\"color: #1155cc;\">http:\/\/es.wikipedia.org\/wiki\/Regi%C3%B3n_de_Kassel<\/span><\/span><\/a><\/p>\n<p><!--[if gte mso 9]><xml>\n<w:LatentStyles DefLockedState=\"false\" LatentStyleCount=\"156\">\n<\/w:LatentStyles>\n<\/xml><![endif]--><!--[if gte mso 10]>\n\n\n\n<style>\n \/* Style Definitions *\/\n table.MsoNormalTable\n\t{mso-style-name:\"Normale Tabelle\";\n\tmso-tstyle-rowband-size:0;\n\tmso-tstyle-colband-size:0;\n\tmso-style-noshow:yes;\n\tmso-style-parent:\"\";\n\tmso-padding-alt:0cm 5.4pt 0cm 5.4pt;\n\tmso-para-margin:0cm;\n\tmso-para-margin-bottom:.0001pt;\n\tmso-pagination:widow-orphan;\n\tfont-size:10.0pt;\n\tfont-family:\"Times New Roman\";\n\tmso-ansi-language:#0400;\n\tmso-fareast-language:#0400;\n\tmso-bidi-language:#0400;}\n<\/style>\n\n<![endif]--><\/p>\n","protected":false},"excerpt":{"rendered":"<p>Contactos e Informacion para empleados y aquellos que buscan Empleo, para vivir y trabajar en Hesse, (SP, EN, GE): http:\/\/www.trabajar-en-hessen.es\/ Portal de Informaci\u00f3n del Gobierno Federal, (Ministerio del Trabajo y Sociales, Ministerio de Econom\u00eda, Oficina de Empleo), para la formaci\u00f3n &hellip; <a href=\"https:\/\/perseus.bupnet.de\/?page_id=159\">Weiterlesen <span class=\"meta-nav\">&rarr;<\/span><\/a><\/p>\n","protected":false},"author":1,"featured_media":0,"parent":74,"menu_order":0,"comment_status":"closed","ping_status":"closed","template":"","meta":{"footnotes":""},"class_list":["post-159","page","type-page","status-publish","hentry"],"_links":{"self":[{"href":"https:\/\/perseus.bupnet.de\/index.php?rest_route=\/wp\/v2\/pages\/159","targetHints":{"allow":["GET"]}}],"collection":[{"href":"https:\/\/perseus.bupnet.de\/index.php?rest_route=\/wp\/v2\/pages"}],"about":[{"href":"https:\/\/perseus.bupnet.de\/index.php?rest_route=\/wp\/v2\/types\/page"}],"author":[{"embeddable":true,"href":"https:\/\/perseus.bupnet.de\/index.php?rest_route=\/wp\/v2\/users\/1"}],"replies":[{"embeddable":true,"href":"https:\/\/perseus.bupnet.de\/index.php?rest_route=%2Fwp%2Fv2%2Fcomments&post=159"}],"version-history":[{"count":4,"href":"https:\/\/perseus.bupnet.de\/index.php?rest_route=\/wp\/v2\/pages\/159\/revisions"}],"predecessor-version":[{"id":270,"href":"https:\/\/perseus.bupnet.de\/index.php?rest_route=\/wp\/v2\/pages\/159\/revisions\/270"}],"up":[{"embeddable":true,"href":"https:\/\/perseus.bupnet.de\/index.php?rest_route=\/wp\/v2\/pages\/74"}],"wp:attachment":[{"href":"https:\/\/perseus.bupnet.de\/index.php?rest_route=%2Fwp%2Fv2%2Fmedia&parent=159"}],"curies":[{"name":"wp","href":"https:\/\/api.w.org\/{rel}","templated":true}]}}